{"id":129,"date":"2025-12-21T22:07:33","date_gmt":"2025-12-21T21:07:33","guid":{"rendered":"https:\/\/wwsu.de\/?page_id=129"},"modified":"2026-08-14T09:34:21","modified_gmt":"2026-08-14T07:34:21","slug":"trainingszeiten","status":"publish","type":"page","link":"https:\/\/warendorfer-su.de\/index.php\/ballsport\/badminton\/trainingszeiten\/","title":{"rendered":"Trainingszeiten"},"content":{"rendered":"\n<figure class=\"wp-block-image size-large\"><img loading=\"lazy\" decoding=\"async\" width=\"1024\" height=\"683\" src=\"https:\/\/wwsu.de\/wp-content\/uploads\/2026\/01\/Bildschirmfoto-2026-01-21-um-08.04.59-1024x683.png\" alt=\"\" class=\"wp-image-838\" srcset=\"https:\/\/warendorfer-su.de\/wp-content\/uploads\/2026\/01\/Bildschirmfoto-2026-01-21-um-08.04.59-1024x683.png 1024w, https:\/\/warendorfer-su.de\/wp-content\/uploads\/2026\/01\/Bildschirmfoto-2026-01-21-um-08.04.59-300x200.png 300w, https:\/\/warendorfer-su.de\/wp-content\/uploads\/2026\/01\/Bildschirmfoto-2026-01-21-um-08.04.59-768x513.png 768w, https:\/\/warendorfer-su.de\/wp-content\/uploads\/2026\/01\/Bildschirmfoto-2026-01-21-um-08.04.59-1536x1025.png 1536w, https:\/\/warendorfer-su.de\/wp-content\/uploads\/2026\/01\/Bildschirmfoto-2026-01-21-um-08.04.59-449x300.png 449w, https:\/\/warendorfer-su.de\/wp-content\/uploads\/2026\/01\/Bildschirmfoto-2026-01-21-um-08.04.59.png 1774w\" sizes=\"auto, (max-width: 1024px) 100vw, 1024px\" \/><figcaption class=\"wp-element-caption\">Unter anderem freuen sich <strong>Leonas, Justus &amp; Desha<\/strong> &#8211; ausgebildete Juniortrainer &#8211; auf Dich!<\/figcaption><\/figure>\n\n\n\n<hr class=\"wp-block-separator has-alpha-channel-opacity\"\/>\n\n\n\n<h2 class=\"wp-block-heading\">Kinder + Jugend (bis U19)<\/h2>\n\n\n\n<figure class=\"wp-block-table\"><table class=\"has-fixed-layout\"><thead><tr><td><strong>Gruppe<\/strong><\/td><td><strong>Tag<\/strong><\/td><td><strong>Uhrzeit<\/strong><\/td><td><strong>Trainer<\/strong><\/td><td><strong>Ort<\/strong><\/td><\/tr><\/thead><tbody><tr><td><strong>Mini-Minis<\/strong> <br>(ab 6)<\/td><td>Dienstag<\/td><td>17:00 \u2013 18:30<\/td><td>Emely, Leonas, Desha, Justus<\/td><td>GS<\/td><\/tr><tr><td><strong>Minis + Sch\u00fcler<\/strong> <br>(U11-U15)<\/td><td>Dienstag<\/td><td>17:00 &#8211; 18:30<\/td><td>Emely, Leonas, Desha, Justus<\/td><td>GS<\/td><\/tr><tr><td><strong>Sch\u00fcler + Jugend<\/strong> <br>(U15-U19)<\/td><td>Mittwoch<\/td><td>18:30 \u2013 20:00<\/td><td>Eileen<\/td><td>GS<\/td><\/tr><tr><td><strong>Mini-Minis<\/strong> <br>(ab 6)<\/td><td>Donnerstag<\/td><td>17:00 \u2013 18:30<\/td><td>Dirk, Leonas, Desha, Justus<\/td><td>GS<\/td><\/tr><tr><td><strong>Minis + Sch\u00fcler<\/strong> <br>(U11-U15)<\/td><td>Donnerstag<\/td><td>17:00 \u2013 18:30<\/td><td>Dirk, Leonas, Desha, Justus<\/td><td>GS<\/td><\/tr><\/tbody><\/table><\/figure>\n\n\n\n<hr class=\"wp-block-separator has-alpha-channel-opacity\"\/>\n\n\n\n<h2 class=\"wp-block-heading\">Jugend + Erwachsene | Wettkampf (ab 16 Jahren)<\/h2>\n\n\n\n<figure class=\"wp-block-table\"><table class=\"has-fixed-layout\"><thead><tr><td><strong>Gruppe<\/strong><\/td><td><strong>Tag<\/strong><\/td><td><strong>Uhrzeit<\/strong><\/td><td><strong>Trainer \/ Kontakt<\/strong><\/td><td><strong>Ort<\/strong><\/td><\/tr><\/thead><tbody><tr><td><strong>Wettkampf U19+O19<\/strong><\/td><td>Dienstag<\/td><td>ab 18:30<\/td><td>Stephan K.<\/td><td>GS<\/td><\/tr><tr><td><strong>Wettkampf U19+O19<\/strong><\/td><td>Donnerstag<\/td><td>ab 18:30<\/td><td>Dirk<\/td><td>GS<\/td><\/tr><\/tbody><\/table><\/figure>\n\n\n\n<hr class=\"wp-block-separator has-alpha-channel-opacity\"\/>\n\n\n\n<h2 class=\"wp-block-heading\">Jugend + Erwachsene | Hobby (ab 16 Jahren)<\/h2>\n\n\n\n<figure class=\"wp-block-table\"><table class=\"has-fixed-layout\"><thead><tr><td><strong>Gruppe<\/strong><\/td><td><strong>Tag<\/strong><\/td><td><strong>Uhrzeit<\/strong><\/td><td><strong>Trainer \/ Kontakt<\/strong><\/td><td><strong>Ort<\/strong><\/td><\/tr><\/thead><tbody><tr><td><strong>Hobby<\/strong><\/td><td>Montag<\/td><td>ab 20:00<\/td><td>Maik<\/td><td>GS<\/td><\/tr><tr><td><strong>Hobby<\/strong><\/td><td>Mittwoch<\/td><td>ab 20:00<\/td><td>Stephan U.<\/td><td>GS<\/td><\/tr><tr><td><strong>Hobby<\/strong><\/td><td>Donnerstag<\/td><td>ab 20:00<\/td><td>Maurice<\/td><td>GS<\/td><\/tr><\/tbody><\/table><\/figure>\n\n\n\n<hr class=\"wp-block-separator has-alpha-channel-opacity\"\/>\n\n\n\n<h2 class=\"wp-block-heading\">Weitere Angebote<\/h2>\n\n\n\n<figure class=\"wp-block-table\"><table class=\"has-fixed-layout\"><thead><tr><td><strong>Gruppe<\/strong><\/td><td><strong>Tag<\/strong><\/td><td><strong>Uhrzeit<\/strong><\/td><td><strong>Hinweis<\/strong><\/td><td><strong>Ort<\/strong><\/td><\/tr><\/thead><tbody><tr><td><strong>Alle Interessierten<\/strong><\/td><td>Freitag<\/td><td>ab 20:00<\/td><td><em>nur nach Absprache<\/em><\/td><td>GS<\/td><\/tr><\/tbody><\/table><\/figure>\n\n\n\n<hr class=\"wp-block-separator has-alpha-channel-opacity\"\/>\n\n\n\n<h2 class=\"wp-block-heading\">Einfach mal (wieder) vor den Ball hauen?!<\/h2>\n\n\n\n<p class=\"wp-block-paragraph\">M\u00f6chtest du Teil der WSU-Badminton-Gemeinschaft werden? Das ist ganz einfach:<\/p>\n\n\n\n<ol start=\"1\" class=\"wp-block-list\">\n<li><strong>Schnuppertraining:<\/strong> Komm einfach vorbei! Du kannst zwei- bis dreimal beitragsfrei mitspielen, um uns kennenzulernen. Leihschl\u00e4ger und B\u00e4lle stellen wir dir gerne zur Verf\u00fcgung.<\/li>\n\n\n\n<li><strong>Kein Zusatzbeitrag:<\/strong> Die Badmintonabteilung erhebt <strong>kein gesondertes Ballgeld<\/strong>.<\/li>\n\n\n\n<li><strong>Anmeldung:<\/strong> Lade dir den Aufnahmeantrag direkt hier herunter:<\/li>\n<\/ol>\n\n\n\n<p class=\"has-text-align-center wp-block-paragraph\">\ud83d\udcc4 <strong><a href=\"https:\/\/www.warendorfer-su.de\/images\/WSU-Aufnahmeantrag_DSVGO_beschreibbar.pdf\" target=\"_blank\" rel=\"noreferrer noopener\">WSU-Aufnahmeantrag <\/a><a href=\"\/documents\/WSU-Aufnahmeantrag_DSVGO_beschreibbar.pdf\" target=\"_blank\" rel=\"noreferrer noopener\">herunterladen <\/a><a href=\"https:\/\/www.warendorfer-su.de\/images\/WSU-Aufnahmeantrag_DSVGO_beschreibbar.pdf\" target=\"_blank\" rel=\"noreferrer noopener\">(PDF)<\/a><\/strong><\/p>\n\n\n\n<hr class=\"wp-block-separator has-alpha-channel-opacity\"\/>\n\n\n\n<h2 class=\"wp-block-heading\">Ansprechpartner<\/h2>\n\n\n\n<ul class=\"wp-block-list\">\n<li>Kinder und Jugend: Dirk Oertker | \u2709\ufe0f <a href=\"mailto:wsu-badminton@mail.de\">wsu-badminton@mail.de<\/a><\/li>\n\n\n\n<li>Erwachsene | Hobby: Stephan Unger | \u2709\ufe0f <a href=\"mailto:stephan.unger85@gmail.com\">stephan.unger85@gmail.com<\/a><\/li>\n\n\n\n<li>Erwachsene | Wettkampf: Oliver Schmidt | \u2709\ufe0f <a href=\"mailto:wsu-badminton@mail.de\">wsu-badminton@mail.de<\/a><\/li>\n<\/ul>\n\n\n\n<hr class=\"wp-block-separator has-alpha-channel-opacity\"\/>\n\n\n\n<h2 class=\"wp-block-heading\">Sporthalle<\/h2>\n\n\n\n<ul class=\"wp-block-list\">\n<li>GS: Gesamtschule Wei\u00dfe Rose (Standort 2) | Von-Ketteler-Str. 38 | 48231 Warendorf | Ausstattung: 8 Spielfelder<\/li>\n<\/ul>\n\n\n\n<hr class=\"wp-block-separator has-alpha-channel-opacity\"\/>\n\n\n\n<h2 class=\"wp-block-heading\">Mitgliedsbeitr\u00e4ge (g\u00fcltig ab 01.10.2023)<\/h2>\n\n\n\n<figure class=\"wp-block-table\"><table class=\"has-fixed-layout\"><thead><tr><td><strong>Personengruppe<\/strong><\/td><td><strong>Beitrag pro Monat<\/strong><\/td><\/tr><\/thead><tbody><tr><td>Kinder, Sch\u00fcler &amp; Jugendliche (bis 18 Jahre)<\/td><td><strong>11,00 \u20ac<\/strong><\/td><\/tr><tr><td>Erwachsene (18 \u2013 65 Jahre)<\/td><td><strong>16,00 \u20ac<\/strong><\/td><\/tr><tr><td>Familien<\/td><td><strong>36,00 \u20ac<\/strong><\/td><\/tr><tr><td>Senioren (65 \u2013 79 Jahre)<\/td><td><strong>11,00 \u20ac<\/strong><\/td><\/tr><tr><td>Senioren (ab 80 Jahre)<\/td><td><strong>5,00 \u20ac<\/strong><\/td><\/tr><\/tbody><\/table><\/figure>\n","protected":false},"excerpt":{"rendered":"<p>Kinder + Jugend (bis U19) Gruppe Tag Uhrzeit Trainer Ort Mini-Minis (ab 6) Dienstag 17:00 \u2013 18:30 Emely, Leonas, Desha, Justus GS Minis + Sch\u00fcler (U11-U15) Dienstag 17:00 &#8211; 18:30 Emely, Leonas, Desha, Justus GS Sch\u00fcler + Jugend (U15-U19) Mittwoch &hellip; <a href=\"https:\/\/warendorfer-su.de\/index.php\/ballsport\/badminton\/trainingszeiten\/\">Weiterlesen <span class=\"meta-nav\">&rarr;<\/span><\/a><\/p>\n","protected":false},"author":1,"featured_media":0,"parent":127,"menu_order":0,"comment_status":"closed","ping_status":"closed","template":"","meta":{"ngg_post_thumbnail":0,"footnotes":""},"class_list":["post-129","page","type-page","status-publish","hentry"],"yoast_head":"<!-- This site is optimized with the Yoast SEO plugin v28.3 - https:\/\/yoast.com\/product\/yoast-seo-wordpress\/ -->\n<title>Trainingszeiten - Warendorfer Sportunion 1895\/1972 e.V.<\/title>\n<meta name=\"robots\" content=\"index, follow, max-snippet:-1, max-image-preview:large, max-video-preview:-1\" \/>\n<link rel=\"canonical\" href=\"https:\/\/warendorfer-su.de\/index.php\/ballsport\/badminton\/trainingszeiten\/\" \/>\n<meta property=\"og:locale\" content=\"de_DE\" \/>\n<meta property=\"og:type\" content=\"article\" \/>\n<meta property=\"og:title\" content=\"Trainingszeiten - Warendorfer Sportunion 1895\/1972 e.V.\" \/>\n<meta property=\"og:description\" content=\"Kinder + Jugend (bis U19) Gruppe Tag Uhrzeit Trainer Ort Mini-Minis (ab 6) Dienstag 17:00 \u2013 18:30 Emely, Leonas, Desha, Justus GS Minis + Sch\u00fcler (U11-U15) Dienstag 17:00 &#8211; 18:30 Emely, Leonas, Desha, Justus GS Sch\u00fcler + Jugend (U15-U19) Mittwoch &hellip; Weiterlesen &rarr;\" \/>\n<meta property=\"og:url\" content=\"https:\/\/warendorfer-su.de\/index.php\/ballsport\/badminton\/trainingszeiten\/\" \/>\n<meta property=\"og:site_name\" content=\"Warendorfer Sportunion 1895\/1972 e.V.\" \/>\n<meta property=\"article:modified_time\" content=\"2026-08-14T07:34:21+00:00\" \/>\n<meta property=\"og:image\" content=\"https:\/\/warendorfer-su.de\/wp-content\/uploads\/2026\/01\/Bildschirmfoto-2026-01-21-um-08.04.59-1024x683.png\" \/>\n\t<meta property=\"og:image:width\" content=\"1024\" \/>\n\t<meta property=\"og:image:height\" content=\"683\" \/>\n\t<meta property=\"og:image:type\" content=\"image\/png\" \/>\n<meta name=\"twitter:card\" content=\"summary_large_image\" \/>\n<meta name=\"twitter:label1\" content=\"Gesch\u00e4tzte Lesezeit\" \/>\n\t<meta name=\"twitter:data1\" content=\"2\u00a0Minuten\" \/>\n<script type=\"application\/ld+json\" class=\"yoast-schema-graph\">{\"@context\":\"https:\\\/\\\/schema.org\",\"@graph\":[{\"@type\":\"WebPage\",\"@id\":\"https:\\\/\\\/warendorfer-su.de\\\/index.php\\\/ballsport\\\/badminton\\\/trainingszeiten\\\/\",\"url\":\"https:\\\/\\\/warendorfer-su.de\\\/index.php\\\/ballsport\\\/badminton\\\/trainingszeiten\\\/\",\"name\":\"Trainingszeiten - Warendorfer Sportunion 1895\\\/1972 e.V.\",\"isPartOf\":{\"@id\":\"https:\\\/\\\/warendorfer-su.de\\\/#website\"},\"primaryImageOfPage\":{\"@id\":\"https:\\\/\\\/warendorfer-su.de\\\/index.php\\\/ballsport\\\/badminton\\\/trainingszeiten\\\/#primaryimage\"},\"image\":{\"@id\":\"https:\\\/\\\/warendorfer-su.de\\\/index.php\\\/ballsport\\\/badminton\\\/trainingszeiten\\\/#primaryimage\"},\"thumbnailUrl\":\"https:\\\/\\\/wwsu.de\\\/wp-content\\\/uploads\\\/2026\\\/01\\\/Bildschirmfoto-2026-01-21-um-08.04.59-1024x683.png\",\"datePublished\":\"2025-12-21T21:07:33+00:00\",\"dateModified\":\"2026-08-14T07:34:21+00:00\",\"breadcrumb\":{\"@id\":\"https:\\\/\\\/warendorfer-su.de\\\/index.php\\\/ballsport\\\/badminton\\\/trainingszeiten\\\/#breadcrumb\"},\"inLanguage\":\"de\",\"potentialAction\":[{\"@type\":\"ReadAction\",\"target\":[\"https:\\\/\\\/warendorfer-su.de\\\/index.php\\\/ballsport\\\/badminton\\\/trainingszeiten\\\/\"]}]},{\"@type\":\"ImageObject\",\"inLanguage\":\"de\",\"@id\":\"https:\\\/\\\/warendorfer-su.de\\\/index.php\\\/ballsport\\\/badminton\\\/trainingszeiten\\\/#primaryimage\",\"url\":\"https:\\\/\\\/wwsu.de\\\/wp-content\\\/uploads\\\/2026\\\/01\\\/Bildschirmfoto-2026-01-21-um-08.04.59-1024x683.png\",\"contentUrl\":\"https:\\\/\\\/wwsu.de\\\/wp-content\\\/uploads\\\/2026\\\/01\\\/Bildschirmfoto-2026-01-21-um-08.04.59-1024x683.png\"},{\"@type\":\"BreadcrumbList\",\"@id\":\"https:\\\/\\\/warendorfer-su.de\\\/index.php\\\/ballsport\\\/badminton\\\/trainingszeiten\\\/#breadcrumb\",\"itemListElement\":[{\"@type\":\"ListItem\",\"position\":1,\"name\":\"Start\",\"item\":\"https:\\\/\\\/warendorfer-su.de\\\/\"},{\"@type\":\"ListItem\",\"position\":2,\"name\":\"Ballsport\",\"item\":\"https:\\\/\\\/warendorfer-su.de\\\/index.php\\\/ballsport\\\/\"},{\"@type\":\"ListItem\",\"position\":3,\"name\":\"Badminton\",\"item\":\"https:\\\/\\\/warendorfer-su.de\\\/index.php\\\/ballsport\\\/badminton\\\/\"},{\"@type\":\"ListItem\",\"position\":4,\"name\":\"Trainingszeiten\"}]},{\"@type\":\"WebSite\",\"@id\":\"https:\\\/\\\/warendorfer-su.de\\\/#website\",\"url\":\"https:\\\/\\\/warendorfer-su.de\\\/\",\"name\":\"Warendorfer Sportunion 1895\\\/1972 e.V.\",\"description\":\"\",\"publisher\":{\"@id\":\"https:\\\/\\\/warendorfer-su.de\\\/#organization\"},\"potentialAction\":[{\"@type\":\"SearchAction\",\"target\":{\"@type\":\"EntryPoint\",\"urlTemplate\":\"https:\\\/\\\/warendorfer-su.de\\\/?s={search_term_string}\"},\"query-input\":{\"@type\":\"PropertyValueSpecification\",\"valueRequired\":true,\"valueName\":\"search_term_string\"}}],\"inLanguage\":\"de\"},{\"@type\":\"Organization\",\"@id\":\"https:\\\/\\\/warendorfer-su.de\\\/#organization\",\"name\":\"Warendorfer Sportunion 1895\\\/1972 e.V.\",\"url\":\"https:\\\/\\\/warendorfer-su.de\\\/\",\"logo\":{\"@type\":\"ImageObject\",\"inLanguage\":\"de\",\"@id\":\"https:\\\/\\\/warendorfer-su.de\\\/#\\\/schema\\\/logo\\\/image\\\/\",\"url\":\"https:\\\/\\\/warendorfer-su.de\\\/wp-content\\\/uploads\\\/2025\\\/12\\\/WSU-Vector.png\",\"contentUrl\":\"https:\\\/\\\/warendorfer-su.de\\\/wp-content\\\/uploads\\\/2025\\\/12\\\/WSU-Vector.png\",\"width\":851,\"height\":851,\"caption\":\"Warendorfer Sportunion 1895\\\/1972 e.V.\"},\"image\":{\"@id\":\"https:\\\/\\\/warendorfer-su.de\\\/#\\\/schema\\\/logo\\\/image\\\/\"}}]}<\/script>\n<!-- \/ Yoast SEO plugin. -->","yoast_head_json":{"title":"Trainingszeiten - Warendorfer Sportunion 1895\/1972 e.V.","robots":{"index":"index","follow":"follow","max-snippet":"max-snippet:-1","max-image-preview":"max-image-preview:large","max-video-preview":"max-video-preview:-1"},"canonical":"https:\/\/warendorfer-su.de\/index.php\/ballsport\/badminton\/trainingszeiten\/","og_locale":"de_DE","og_type":"article","og_title":"Trainingszeiten - Warendorfer Sportunion 1895\/1972 e.V.","og_description":"Kinder + Jugend (bis U19) Gruppe Tag Uhrzeit Trainer Ort Mini-Minis (ab 6) Dienstag 17:00 \u2013 18:30 Emely, Leonas, Desha, Justus GS Minis + Sch\u00fcler (U11-U15) Dienstag 17:00 &#8211; 18:30 Emely, Leonas, Desha, Justus GS Sch\u00fcler + Jugend (U15-U19) Mittwoch &hellip; Weiterlesen &rarr;","og_url":"https:\/\/warendorfer-su.de\/index.php\/ballsport\/badminton\/trainingszeiten\/","og_site_name":"Warendorfer Sportunion 1895\/1972 e.V.","article_modified_time":"2026-08-14T07:34:21+00:00","og_image":[{"width":1024,"height":683,"url":"https:\/\/warendorfer-su.de\/wp-content\/uploads\/2026\/01\/Bildschirmfoto-2026-01-21-um-08.04.59-1024x683.png","type":"image\/png"}],"twitter_card":"summary_large_image","twitter_misc":{"Gesch\u00e4tzte Lesezeit":"2\u00a0Minuten"},"schema":{"@context":"https:\/\/schema.org","@graph":[{"@type":"WebPage","@id":"https:\/\/warendorfer-su.de\/index.php\/ballsport\/badminton\/trainingszeiten\/","url":"https:\/\/warendorfer-su.de\/index.php\/ballsport\/badminton\/trainingszeiten\/","name":"Trainingszeiten - Warendorfer Sportunion 1895\/1972 e.V.","isPartOf":{"@id":"https:\/\/warendorfer-su.de\/#website"},"primaryImageOfPage":{"@id":"https:\/\/warendorfer-su.de\/index.php\/ballsport\/badminton\/trainingszeiten\/#primaryimage"},"image":{"@id":"https:\/\/warendorfer-su.de\/index.php\/ballsport\/badminton\/trainingszeiten\/#primaryimage"},"thumbnailUrl":"https:\/\/wwsu.de\/wp-content\/uploads\/2026\/01\/Bildschirmfoto-2026-01-21-um-08.04.59-1024x683.png","datePublished":"2025-12-21T21:07:33+00:00","dateModified":"2026-08-14T07:34:21+00:00","breadcrumb":{"@id":"https:\/\/warendorfer-su.de\/index.php\/ballsport\/badminton\/trainingszeiten\/#breadcrumb"},"inLanguage":"de","potentialAction":[{"@type":"ReadAction","target":["https:\/\/warendorfer-su.de\/index.php\/ballsport\/badminton\/trainingszeiten\/"]}]},{"@type":"ImageObject","inLanguage":"de","@id":"https:\/\/warendorfer-su.de\/index.php\/ballsport\/badminton\/trainingszeiten\/#primaryimage","url":"https:\/\/wwsu.de\/wp-content\/uploads\/2026\/01\/Bildschirmfoto-2026-01-21-um-08.04.59-1024x683.png","contentUrl":"https:\/\/wwsu.de\/wp-content\/uploads\/2026\/01\/Bildschirmfoto-2026-01-21-um-08.04.59-1024x683.png"},{"@type":"BreadcrumbList","@id":"https:\/\/warendorfer-su.de\/index.php\/ballsport\/badminton\/trainingszeiten\/#breadcrumb","itemListElement":[{"@type":"ListItem","position":1,"name":"Start","item":"https:\/\/warendorfer-su.de\/"},{"@type":"ListItem","position":2,"name":"Ballsport","item":"https:\/\/warendorfer-su.de\/index.php\/ballsport\/"},{"@type":"ListItem","position":3,"name":"Badminton","item":"https:\/\/warendorfer-su.de\/index.php\/ballsport\/badminton\/"},{"@type":"ListItem","position":4,"name":"Trainingszeiten"}]},{"@type":"WebSite","@id":"https:\/\/warendorfer-su.de\/#website","url":"https:\/\/warendorfer-su.de\/","name":"Warendorfer Sportunion 1895\/1972 e.V.","description":"","publisher":{"@id":"https:\/\/warendorfer-su.de\/#organization"},"potentialAction":[{"@type":"SearchAction","target":{"@type":"EntryPoint","urlTemplate":"https:\/\/warendorfer-su.de\/?s={search_term_string}"},"query-input":{"@type":"PropertyValueSpecification","valueRequired":true,"valueName":"search_term_string"}}],"inLanguage":"de"},{"@type":"Organization","@id":"https:\/\/warendorfer-su.de\/#organization","name":"Warendorfer Sportunion 1895\/1972 e.V.","url":"https:\/\/warendorfer-su.de\/","logo":{"@type":"ImageObject","inLanguage":"de","@id":"https:\/\/warendorfer-su.de\/#\/schema\/logo\/image\/","url":"https:\/\/warendorfer-su.de\/wp-content\/uploads\/2025\/12\/WSU-Vector.png","contentUrl":"https:\/\/warendorfer-su.de\/wp-content\/uploads\/2025\/12\/WSU-Vector.png","width":851,"height":851,"caption":"Warendorfer Sportunion 1895\/1972 e.V."},"image":{"@id":"https:\/\/warendorfer-su.de\/#\/schema\/logo\/image\/"}}]}},"_links":{"self":[{"href":"https:\/\/warendorfer-su.de\/index.php\/wp-json\/wp\/v2\/pages\/129","targetHints":{"allow":["GET"]}}],"collection":[{"href":"https:\/\/warendorfer-su.de\/index.php\/wp-json\/wp\/v2\/pages"}],"about":[{"href":"https:\/\/warendorfer-su.de\/index.php\/wp-json\/wp\/v2\/types\/page"}],"author":[{"embeddable":true,"href":"https:\/\/warendorfer-su.de\/index.php\/wp-json\/wp\/v2\/users\/1"}],"replies":[{"embeddable":true,"href":"https:\/\/warendorfer-su.de\/index.php\/wp-json\/wp\/v2\/comments?post=129"}],"version-history":[{"count":16,"href":"https:\/\/warendorfer-su.de\/index.php\/wp-json\/wp\/v2\/pages\/129\/revisions"}],"predecessor-version":[{"id":2355,"href":"https:\/\/warendorfer-su.de\/index.php\/wp-json\/wp\/v2\/pages\/129\/revisions\/2355"}],"up":[{"embeddable":true,"href":"https:\/\/warendorfer-su.de\/index.php\/wp-json\/wp\/v2\/pages\/127"}],"wp:attachment":[{"href":"https:\/\/warendorfer-su.de\/index.php\/wp-json\/wp\/v2\/media?parent=129"}],"curies":[{"name":"wp","href":"https:\/\/api.w.org\/{rel}","templated":true}]}}