{"id":859,"date":"2026-01-21T08:44:55","date_gmt":"2026-01-21T07:44:55","guid":{"rendered":"https:\/\/wwsu.de\/?page_id=859"},"modified":"2026-08-14T09:39:08","modified_gmt":"2026-08-14T07:39:08","slug":"wettkampf","status":"publish","type":"page","link":"https:\/\/warendorfer-su.de\/index.php\/ballsport\/badminton\/wettkampf\/","title":{"rendered":"Wettkampf"},"content":{"rendered":"\n<p class=\"wp-block-paragraph\">In der <strong>Saison 2026\/27<\/strong> nehmen insgesamt zwei U19- und ein O19-Team der Warendorfer SU am Spielbetrieb des <a href=\"http:\/\/www.badminton.nrw\">Badminton-Landesverbandes NRW<\/a> teil.<\/p>\n\n\n\n<ul class=\"wp-block-list\">\n<li><a href=\"https:\/\/dbv.turnier.de\/sport\/clubmatches.aspx?id=D6F7A756-39F3-4CB4-8F27-0E30E0421F4A&amp;cid=183\">Zu allen Spielen der WSU<\/a><\/li>\n\n\n\n<li><a href=\"https:\/\/dbv.turnier.de\/sport\/clubstandings.aspx?id=D6F7A756-39F3-4CB4-8F27-0E30E0421F4A&amp;cid=183\">Zu allen Tabellen der WSU<\/a><\/li>\n\n\n\n<li><a href=\"https:\/\/dbv.turnier.de\/sport\/league\/team?id=D6F7A756-39F3-4CB4-8F27-0E30E0421F4A&amp;team=76\" data-type=\"link\" data-id=\"https:\/\/dbv.turnier.de\/sport\/league\/team?id=D6F7A756-39F3-4CB4-8F27-0E30E0421F4A&amp;team=76\">WSU 1 | Bezirksliga<\/a><\/li>\n\n\n\n<li><a href=\"https:\/\/dbv.turnier.de\/sport\/league\/team?id=D6F7A756-39F3-4CB4-8F27-0E30E0421F4A&amp;team=152\">WSU 2 | Kreisliga<\/a><\/li>\n\n\n\n<li><a href=\"https:\/\/dbv.turnier.de\/sport\/league\/team?id=D6F7A756-39F3-4CB4-8F27-0E30E0421F4A&amp;team=1084\">WSU M1 | U13<\/a><\/li>\n<\/ul>\n\n\n\n<p class=\"wp-block-paragraph\">Hier die Team der <strong>Saison 2025\/26<\/strong><\/p>\n\n\n\n<figure class=\"wp-block-image size-large\"><img loading=\"lazy\" decoding=\"async\" width=\"1024\" height=\"901\" src=\"https:\/\/wwsu.de\/wp-content\/uploads\/2026\/01\/Bildschirmfoto-2026-01-22-um-07.40.21-1024x901.png\" alt=\"\" class=\"wp-image-917\" srcset=\"https:\/\/warendorfer-su.de\/wp-content\/uploads\/2026\/01\/Bildschirmfoto-2026-01-22-um-07.40.21-1024x901.png 1024w, https:\/\/warendorfer-su.de\/wp-content\/uploads\/2026\/01\/Bildschirmfoto-2026-01-22-um-07.40.21-300x264.png 300w, https:\/\/warendorfer-su.de\/wp-content\/uploads\/2026\/01\/Bildschirmfoto-2026-01-22-um-07.40.21-768x676.png 768w, https:\/\/warendorfer-su.de\/wp-content\/uploads\/2026\/01\/Bildschirmfoto-2026-01-22-um-07.40.21-1536x1352.png 1536w, https:\/\/warendorfer-su.de\/wp-content\/uploads\/2026\/01\/Bildschirmfoto-2026-01-22-um-07.40.21-341x300.png 341w, https:\/\/warendorfer-su.de\/wp-content\/uploads\/2026\/01\/Bildschirmfoto-2026-01-22-um-07.40.21.png 1638w\" sizes=\"auto, (max-width: 1024px) 100vw, 1024px\" \/><figcaption class=\"wp-element-caption\">WSU 1 | Verbandsliga (v.l. Stephan Krampe, Julia Renne, Oliver Schmidt, Maike Schmidt, Christoph Gre\u00dfmeyer, Leonie Renne &amp; Janik Hell; es fehlen: Ulrike Krampe, Leo Haas &amp; Janush Vashishtha)<\/figcaption><\/figure>\n\n\n\n<figure class=\"wp-block-image size-large\"><img loading=\"lazy\" decoding=\"async\" width=\"2560\" height=\"1440\" src=\"https:\/\/wwsu.de\/wp-content\/uploads\/2026\/01\/WSU_2-edited-scaled.jpeg\" alt=\"\" class=\"wp-image-879\" srcset=\"https:\/\/warendorfer-su.de\/wp-content\/uploads\/2026\/01\/WSU_2-edited-scaled.jpeg 2560w, https:\/\/warendorfer-su.de\/wp-content\/uploads\/2026\/01\/WSU_2-edited-300x169.jpeg 300w, https:\/\/warendorfer-su.de\/wp-content\/uploads\/2026\/01\/WSU_2-edited-1024x576.jpeg 1024w, https:\/\/warendorfer-su.de\/wp-content\/uploads\/2026\/01\/WSU_2-edited-768x432.jpeg 768w, https:\/\/warendorfer-su.de\/wp-content\/uploads\/2026\/01\/WSU_2-edited-1536x864.jpeg 1536w, https:\/\/warendorfer-su.de\/wp-content\/uploads\/2026\/01\/WSU_2-edited-2048x1152.jpeg 2048w, https:\/\/warendorfer-su.de\/wp-content\/uploads\/2026\/01\/WSU_2-edited-500x281.jpeg 500w\" sizes=\"auto, (max-width: 2560px) 100vw, 2560px\" \/><figcaption class=\"wp-element-caption\">WSU 2 | Kreisliga (v.l. Greta Leson, Daniel Dunker, Rieke Kuckelmann, Philipp M\u00fcller, Jannis Bl\u00f6mker, Klaus Kretschmann &amp; Vanessa Erdmann; es fehlen: Martin M\u00fcller, Jens Schembecker &amp; Dirk Rothues)<\/figcaption><\/figure>\n\n\n\n<figure class=\"wp-block-image size-large\"><img loading=\"lazy\" decoding=\"async\" width=\"2560\" height=\"1919\" src=\"https:\/\/wwsu.de\/wp-content\/uploads\/2026\/01\/WSU_M1-edited-scaled.jpeg\" alt=\"\" class=\"wp-image-878\" srcset=\"https:\/\/warendorfer-su.de\/wp-content\/uploads\/2026\/01\/WSU_M1-edited-scaled.jpeg 2560w, https:\/\/warendorfer-su.de\/wp-content\/uploads\/2026\/01\/WSU_M1-edited-300x225.jpeg 300w, https:\/\/warendorfer-su.de\/wp-content\/uploads\/2026\/01\/WSU_M1-edited-1024x768.jpeg 1024w, https:\/\/warendorfer-su.de\/wp-content\/uploads\/2026\/01\/WSU_M1-edited-768x576.jpeg 768w, https:\/\/warendorfer-su.de\/wp-content\/uploads\/2026\/01\/WSU_M1-edited-1536x1152.jpeg 1536w, https:\/\/warendorfer-su.de\/wp-content\/uploads\/2026\/01\/WSU_M1-edited-2048x1535.jpeg 2048w, https:\/\/warendorfer-su.de\/wp-content\/uploads\/2026\/01\/WSU_M1-edited-400x300.jpeg 400w\" sizes=\"auto, (max-width: 2560px) 100vw, 2560px\" \/><figcaption class=\"wp-element-caption\">WSU M1 | U19 (v.l. Jonah Schulz, Rieke Kuckelmann, Greta Leson, Carlotta Johansmann &amp; Aaron Grossmann; es fehlt: Maylin Hoffmann)<\/figcaption><\/figure>\n\n\n\n<figure class=\"wp-block-image size-large\"><img loading=\"lazy\" decoding=\"async\" width=\"1423\" height=\"801\" src=\"https:\/\/wwsu.de\/wp-content\/uploads\/2026\/01\/WSU_M2-edited.jpg\" alt=\"\" class=\"wp-image-876\" srcset=\"https:\/\/warendorfer-su.de\/wp-content\/uploads\/2026\/01\/WSU_M2-edited.jpg 1423w, https:\/\/warendorfer-su.de\/wp-content\/uploads\/2026\/01\/WSU_M2-edited-300x169.jpg 300w, https:\/\/warendorfer-su.de\/wp-content\/uploads\/2026\/01\/WSU_M2-edited-1024x576.jpg 1024w, https:\/\/warendorfer-su.de\/wp-content\/uploads\/2026\/01\/WSU_M2-edited-768x432.jpg 768w, https:\/\/warendorfer-su.de\/wp-content\/uploads\/2026\/01\/WSU_M2-edited-500x281.jpg 500w\" sizes=\"auto, (max-width: 1423px) 100vw, 1423px\" \/><figcaption class=\"wp-element-caption\">WSU M2 | U17 (v.l. Justus Himler, Nina Wullkotte, Felix Wortmann, Leonas Schulz &amp; Desharwin Ratheesan; es fehlen: Nico Xiao &amp; Raphael Nolde)<\/figcaption><\/figure>\n\n\n\n<figure class=\"wp-block-image size-large\"><img loading=\"lazy\" decoding=\"async\" width=\"2560\" height=\"1920\" src=\"https:\/\/wwsu.de\/wp-content\/uploads\/2026\/01\/WSU_M3-edited-scaled.jpeg\" alt=\"\" class=\"wp-image-877\" srcset=\"https:\/\/warendorfer-su.de\/wp-content\/uploads\/2026\/01\/WSU_M3-edited-scaled.jpeg 2560w, https:\/\/warendorfer-su.de\/wp-content\/uploads\/2026\/01\/WSU_M3-edited-300x225.jpeg 300w, https:\/\/warendorfer-su.de\/wp-content\/uploads\/2026\/01\/WSU_M3-edited-1024x768.jpeg 1024w, https:\/\/warendorfer-su.de\/wp-content\/uploads\/2026\/01\/WSU_M3-edited-768x576.jpeg 768w, https:\/\/warendorfer-su.de\/wp-content\/uploads\/2026\/01\/WSU_M3-edited-1536x1152.jpeg 1536w, https:\/\/warendorfer-su.de\/wp-content\/uploads\/2026\/01\/WSU_M3-edited-2048x1536.jpeg 2048w, https:\/\/warendorfer-su.de\/wp-content\/uploads\/2026\/01\/WSU_M3-edited-400x300.jpeg 400w\" sizes=\"auto, (max-width: 2560px) 100vw, 2560px\" \/><figcaption class=\"wp-element-caption\">WSU M3 | U13 (v.l. David St\u00fctze, Tom H\u00f6rdemann, Linus Himler &amp; Tom Kretschmann; es fehlen Alisa Fedotov &amp; Jannik Pomberg)<\/figcaption><\/figure>\n","protected":false},"excerpt":{"rendered":"<p>In der Saison 2026\/27 nehmen insgesamt zwei U19- und ein O19-Team der Warendorfer SU am Spielbetrieb des Badminton-Landesverbandes NRW teil. Hier die Team der Saison 2025\/26<\/p>\n","protected":false},"author":1,"featured_media":0,"parent":127,"menu_order":0,"comment_status":"closed","ping_status":"closed","template":"","meta":{"ngg_post_thumbnail":0,"footnotes":""},"class_list":["post-859","page","type-page","status-publish","hentry"],"yoast_head":"<!-- This site is optimized with the Yoast SEO plugin v28.3 - https:\/\/yoast.com\/product\/yoast-seo-wordpress\/ -->\n<title>Wettkampf - Warendorfer Sportunion 1895\/1972 e.V.<\/title>\n<meta name=\"robots\" content=\"index, follow, max-snippet:-1, max-image-preview:large, max-video-preview:-1\" \/>\n<link rel=\"canonical\" href=\"https:\/\/warendorfer-su.de\/index.php\/ballsport\/badminton\/wettkampf\/\" \/>\n<meta property=\"og:locale\" content=\"de_DE\" \/>\n<meta property=\"og:type\" content=\"article\" \/>\n<meta property=\"og:title\" content=\"Wettkampf - Warendorfer Sportunion 1895\/1972 e.V.\" \/>\n<meta property=\"og:description\" content=\"In der Saison 2026\/27 nehmen insgesamt zwei U19- und ein O19-Team der Warendorfer SU am Spielbetrieb des Badminton-Landesverbandes NRW teil. Hier die Team der Saison 2025\/26\" \/>\n<meta property=\"og:url\" content=\"https:\/\/warendorfer-su.de\/index.php\/ballsport\/badminton\/wettkampf\/\" \/>\n<meta property=\"og:site_name\" content=\"Warendorfer Sportunion 1895\/1972 e.V.\" \/>\n<meta property=\"article:modified_time\" content=\"2026-08-14T07:39:08+00:00\" \/>\n<meta property=\"og:image\" content=\"https:\/\/warendorfer-su.de\/wp-content\/uploads\/2026\/01\/Bildschirmfoto-2026-01-22-um-07.40.21-1024x901.png\" \/>\n\t<meta property=\"og:image:width\" content=\"1024\" \/>\n\t<meta property=\"og:image:height\" content=\"901\" \/>\n\t<meta property=\"og:image:type\" content=\"image\/png\" \/>\n<meta name=\"twitter:card\" content=\"summary_large_image\" \/>\n<meta name=\"twitter:label1\" content=\"Gesch\u00e4tzte Lesezeit\" \/>\n\t<meta name=\"twitter:data1\" content=\"2\u00a0Minuten\" \/>\n<script type=\"application\/ld+json\" class=\"yoast-schema-graph\">{\"@context\":\"https:\\\/\\\/schema.org\",\"@graph\":[{\"@type\":\"WebPage\",\"@id\":\"https:\\\/\\\/warendorfer-su.de\\\/index.php\\\/ballsport\\\/badminton\\\/wettkampf\\\/\",\"url\":\"https:\\\/\\\/warendorfer-su.de\\\/index.php\\\/ballsport\\\/badminton\\\/wettkampf\\\/\",\"name\":\"Wettkampf - Warendorfer Sportunion 1895\\\/1972 e.V.\",\"isPartOf\":{\"@id\":\"https:\\\/\\\/warendorfer-su.de\\\/#website\"},\"primaryImageOfPage\":{\"@id\":\"https:\\\/\\\/warendorfer-su.de\\\/index.php\\\/ballsport\\\/badminton\\\/wettkampf\\\/#primaryimage\"},\"image\":{\"@id\":\"https:\\\/\\\/warendorfer-su.de\\\/index.php\\\/ballsport\\\/badminton\\\/wettkampf\\\/#primaryimage\"},\"thumbnailUrl\":\"https:\\\/\\\/wwsu.de\\\/wp-content\\\/uploads\\\/2026\\\/01\\\/Bildschirmfoto-2026-01-22-um-07.40.21-1024x901.png\",\"datePublished\":\"2026-01-21T07:44:55+00:00\",\"dateModified\":\"2026-08-14T07:39:08+00:00\",\"breadcrumb\":{\"@id\":\"https:\\\/\\\/warendorfer-su.de\\\/index.php\\\/ballsport\\\/badminton\\\/wettkampf\\\/#breadcrumb\"},\"inLanguage\":\"de\",\"potentialAction\":[{\"@type\":\"ReadAction\",\"target\":[\"https:\\\/\\\/warendorfer-su.de\\\/index.php\\\/ballsport\\\/badminton\\\/wettkampf\\\/\"]}]},{\"@type\":\"ImageObject\",\"inLanguage\":\"de\",\"@id\":\"https:\\\/\\\/warendorfer-su.de\\\/index.php\\\/ballsport\\\/badminton\\\/wettkampf\\\/#primaryimage\",\"url\":\"https:\\\/\\\/wwsu.de\\\/wp-content\\\/uploads\\\/2026\\\/01\\\/Bildschirmfoto-2026-01-22-um-07.40.21-1024x901.png\",\"contentUrl\":\"https:\\\/\\\/wwsu.de\\\/wp-content\\\/uploads\\\/2026\\\/01\\\/Bildschirmfoto-2026-01-22-um-07.40.21-1024x901.png\"},{\"@type\":\"BreadcrumbList\",\"@id\":\"https:\\\/\\\/warendorfer-su.de\\\/index.php\\\/ballsport\\\/badminton\\\/wettkampf\\\/#breadcrumb\",\"itemListElement\":[{\"@type\":\"ListItem\",\"position\":1,\"name\":\"Start\",\"item\":\"https:\\\/\\\/warendorfer-su.de\\\/\"},{\"@type\":\"ListItem\",\"position\":2,\"name\":\"Ballsport\",\"item\":\"https:\\\/\\\/warendorfer-su.de\\\/index.php\\\/ballsport\\\/\"},{\"@type\":\"ListItem\",\"position\":3,\"name\":\"Badminton\",\"item\":\"https:\\\/\\\/warendorfer-su.de\\\/index.php\\\/ballsport\\\/badminton\\\/\"},{\"@type\":\"ListItem\",\"position\":4,\"name\":\"Wettkampf\"}]},{\"@type\":\"WebSite\",\"@id\":\"https:\\\/\\\/warendorfer-su.de\\\/#website\",\"url\":\"https:\\\/\\\/warendorfer-su.de\\\/\",\"name\":\"Warendorfer Sportunion 1895\\\/1972 e.V.\",\"description\":\"\",\"publisher\":{\"@id\":\"https:\\\/\\\/warendorfer-su.de\\\/#organization\"},\"potentialAction\":[{\"@type\":\"SearchAction\",\"target\":{\"@type\":\"EntryPoint\",\"urlTemplate\":\"https:\\\/\\\/warendorfer-su.de\\\/?s={search_term_string}\"},\"query-input\":{\"@type\":\"PropertyValueSpecification\",\"valueRequired\":true,\"valueName\":\"search_term_string\"}}],\"inLanguage\":\"de\"},{\"@type\":\"Organization\",\"@id\":\"https:\\\/\\\/warendorfer-su.de\\\/#organization\",\"name\":\"Warendorfer Sportunion 1895\\\/1972 e.V.\",\"url\":\"https:\\\/\\\/warendorfer-su.de\\\/\",\"logo\":{\"@type\":\"ImageObject\",\"inLanguage\":\"de\",\"@id\":\"https:\\\/\\\/warendorfer-su.de\\\/#\\\/schema\\\/logo\\\/image\\\/\",\"url\":\"https:\\\/\\\/warendorfer-su.de\\\/wp-content\\\/uploads\\\/2025\\\/12\\\/WSU-Vector.png\",\"contentUrl\":\"https:\\\/\\\/warendorfer-su.de\\\/wp-content\\\/uploads\\\/2025\\\/12\\\/WSU-Vector.png\",\"width\":851,\"height\":851,\"caption\":\"Warendorfer Sportunion 1895\\\/1972 e.V.\"},\"image\":{\"@id\":\"https:\\\/\\\/warendorfer-su.de\\\/#\\\/schema\\\/logo\\\/image\\\/\"}}]}<\/script>\n<!-- \/ Yoast SEO plugin. -->","yoast_head_json":{"title":"Wettkampf - Warendorfer Sportunion 1895\/1972 e.V.","robots":{"index":"index","follow":"follow","max-snippet":"max-snippet:-1","max-image-preview":"max-image-preview:large","max-video-preview":"max-video-preview:-1"},"canonical":"https:\/\/warendorfer-su.de\/index.php\/ballsport\/badminton\/wettkampf\/","og_locale":"de_DE","og_type":"article","og_title":"Wettkampf - Warendorfer Sportunion 1895\/1972 e.V.","og_description":"In der Saison 2026\/27 nehmen insgesamt zwei U19- und ein O19-Team der Warendorfer SU am Spielbetrieb des Badminton-Landesverbandes NRW teil. Hier die Team der Saison 2025\/26","og_url":"https:\/\/warendorfer-su.de\/index.php\/ballsport\/badminton\/wettkampf\/","og_site_name":"Warendorfer Sportunion 1895\/1972 e.V.","article_modified_time":"2026-08-14T07:39:08+00:00","og_image":[{"width":1024,"height":901,"url":"https:\/\/warendorfer-su.de\/wp-content\/uploads\/2026\/01\/Bildschirmfoto-2026-01-22-um-07.40.21-1024x901.png","type":"image\/png"}],"twitter_card":"summary_large_image","twitter_misc":{"Gesch\u00e4tzte Lesezeit":"2\u00a0Minuten"},"schema":{"@context":"https:\/\/schema.org","@graph":[{"@type":"WebPage","@id":"https:\/\/warendorfer-su.de\/index.php\/ballsport\/badminton\/wettkampf\/","url":"https:\/\/warendorfer-su.de\/index.php\/ballsport\/badminton\/wettkampf\/","name":"Wettkampf - Warendorfer Sportunion 1895\/1972 e.V.","isPartOf":{"@id":"https:\/\/warendorfer-su.de\/#website"},"primaryImageOfPage":{"@id":"https:\/\/warendorfer-su.de\/index.php\/ballsport\/badminton\/wettkampf\/#primaryimage"},"image":{"@id":"https:\/\/warendorfer-su.de\/index.php\/ballsport\/badminton\/wettkampf\/#primaryimage"},"thumbnailUrl":"https:\/\/wwsu.de\/wp-content\/uploads\/2026\/01\/Bildschirmfoto-2026-01-22-um-07.40.21-1024x901.png","datePublished":"2026-01-21T07:44:55+00:00","dateModified":"2026-08-14T07:39:08+00:00","breadcrumb":{"@id":"https:\/\/warendorfer-su.de\/index.php\/ballsport\/badminton\/wettkampf\/#breadcrumb"},"inLanguage":"de","potentialAction":[{"@type":"ReadAction","target":["https:\/\/warendorfer-su.de\/index.php\/ballsport\/badminton\/wettkampf\/"]}]},{"@type":"ImageObject","inLanguage":"de","@id":"https:\/\/warendorfer-su.de\/index.php\/ballsport\/badminton\/wettkampf\/#primaryimage","url":"https:\/\/wwsu.de\/wp-content\/uploads\/2026\/01\/Bildschirmfoto-2026-01-22-um-07.40.21-1024x901.png","contentUrl":"https:\/\/wwsu.de\/wp-content\/uploads\/2026\/01\/Bildschirmfoto-2026-01-22-um-07.40.21-1024x901.png"},{"@type":"BreadcrumbList","@id":"https:\/\/warendorfer-su.de\/index.php\/ballsport\/badminton\/wettkampf\/#breadcrumb","itemListElement":[{"@type":"ListItem","position":1,"name":"Start","item":"https:\/\/warendorfer-su.de\/"},{"@type":"ListItem","position":2,"name":"Ballsport","item":"https:\/\/warendorfer-su.de\/index.php\/ballsport\/"},{"@type":"ListItem","position":3,"name":"Badminton","item":"https:\/\/warendorfer-su.de\/index.php\/ballsport\/badminton\/"},{"@type":"ListItem","position":4,"name":"Wettkampf"}]},{"@type":"WebSite","@id":"https:\/\/warendorfer-su.de\/#website","url":"https:\/\/warendorfer-su.de\/","name":"Warendorfer Sportunion 1895\/1972 e.V.","description":"","publisher":{"@id":"https:\/\/warendorfer-su.de\/#organization"},"potentialAction":[{"@type":"SearchAction","target":{"@type":"EntryPoint","urlTemplate":"https:\/\/warendorfer-su.de\/?s={search_term_string}"},"query-input":{"@type":"PropertyValueSpecification","valueRequired":true,"valueName":"search_term_string"}}],"inLanguage":"de"},{"@type":"Organization","@id":"https:\/\/warendorfer-su.de\/#organization","name":"Warendorfer Sportunion 1895\/1972 e.V.","url":"https:\/\/warendorfer-su.de\/","logo":{"@type":"ImageObject","inLanguage":"de","@id":"https:\/\/warendorfer-su.de\/#\/schema\/logo\/image\/","url":"https:\/\/warendorfer-su.de\/wp-content\/uploads\/2025\/12\/WSU-Vector.png","contentUrl":"https:\/\/warendorfer-su.de\/wp-content\/uploads\/2025\/12\/WSU-Vector.png","width":851,"height":851,"caption":"Warendorfer Sportunion 1895\/1972 e.V."},"image":{"@id":"https:\/\/warendorfer-su.de\/#\/schema\/logo\/image\/"}}]}},"_links":{"self":[{"href":"https:\/\/warendorfer-su.de\/index.php\/wp-json\/wp\/v2\/pages\/859","targetHints":{"allow":["GET"]}}],"collection":[{"href":"https:\/\/warendorfer-su.de\/index.php\/wp-json\/wp\/v2\/pages"}],"about":[{"href":"https:\/\/warendorfer-su.de\/index.php\/wp-json\/wp\/v2\/types\/page"}],"author":[{"embeddable":true,"href":"https:\/\/warendorfer-su.de\/index.php\/wp-json\/wp\/v2\/users\/1"}],"replies":[{"embeddable":true,"href":"https:\/\/warendorfer-su.de\/index.php\/wp-json\/wp\/v2\/comments?post=859"}],"version-history":[{"count":6,"href":"https:\/\/warendorfer-su.de\/index.php\/wp-json\/wp\/v2\/pages\/859\/revisions"}],"predecessor-version":[{"id":2359,"href":"https:\/\/warendorfer-su.de\/index.php\/wp-json\/wp\/v2\/pages\/859\/revisions\/2359"}],"up":[{"embeddable":true,"href":"https:\/\/warendorfer-su.de\/index.php\/wp-json\/wp\/v2\/pages\/127"}],"wp:attachment":[{"href":"https:\/\/warendorfer-su.de\/index.php\/wp-json\/wp\/v2\/media?parent=859"}],"curies":[{"name":"wp","href":"https:\/\/api.w.org\/{rel}","templated":true}]}}